
 {"id":88,"date":"2020-12-20T19:37:24","date_gmt":"2020-12-20T18:37:24","guid":{"rendered":"http:\/\/test.herbert-bauer.de\/?page_id=88"},"modified":"2024-12-20T16:24:16","modified_gmt":"2024-12-20T15:24:16","slug":"biografie","status":"publish","type":"page","link":"https:\/\/herbert-bauer.de\/en\/biografie\/","title":{"rendered":"Biography"},"content":{"rendered":"<div class=\"wp-block-group\"><div class=\"wp-block-group__inner-container is-layout-flow wp-block-group-is-layout-flow\">\n<p>Herbert Bauer wurde am <strong>16. Mai 1935<\/strong> in den USA in New York geboren. Er ist das erste von zwei Kindern.<\/p>\n<\/div><\/div>\n\n\n\n<div class=\"wp-block-columns is-layout-flex wp-container-core-columns-is-layout-9d6595d7 wp-block-columns-is-layout-flex\">\n<div class=\"wp-block-column is-layout-flow wp-block-column-is-layout-flow\"><\/div>\n<\/div>\n\n\n\n<div class=\"wp-block-columns is-layout-flex wp-container-core-columns-is-layout-9d6595d7 wp-block-columns-is-layout-flex\">\n<div class=\"wp-block-column is-layout-flow wp-block-column-is-layout-flow\">\n<figure class=\"wp-block-image size-large\"><img loading=\"lazy\" decoding=\"async\" width=\"1024\" height=\"765\" src=\"http:\/\/test.herbert-bauer.de\/wp-content\/uploads\/2021\/03\/img20210305_14052109-1024x765.jpg\" alt=\"\" class=\"wp-image-491\" srcset=\"https:\/\/herbert-bauer.de\/wp-content\/uploads\/2021\/03\/img20210305_14052109-1024x765.jpg 1024w, https:\/\/herbert-bauer.de\/wp-content\/uploads\/2021\/03\/img20210305_14052109-300x224.jpg 300w, https:\/\/herbert-bauer.de\/wp-content\/uploads\/2021\/03\/img20210305_14052109-768x574.jpg 768w, https:\/\/herbert-bauer.de\/wp-content\/uploads\/2021\/03\/img20210305_14052109-1536x1147.jpg 1536w, https:\/\/herbert-bauer.de\/wp-content\/uploads\/2021\/03\/img20210305_14052109.jpg 1620w\" sizes=\"auto, (max-width: 1024px) 100vw, 1024px\" \/><\/figure>\n<\/div>\n\n\n\n<div class=\"wp-block-column is-layout-flow wp-block-column-is-layout-flow\">\n<figure class=\"wp-block-image size-large is-resized\"><img loading=\"lazy\" decoding=\"async\" width=\"725\" height=\"1024\" src=\"http:\/\/test.herbert-bauer.de\/wp-content\/uploads\/2021\/03\/img20210305_14410223-725x1024.jpg\" alt=\"\" class=\"wp-image-502\" style=\"width:277px;height:390px\" srcset=\"https:\/\/herbert-bauer.de\/wp-content\/uploads\/2021\/03\/img20210305_14410223-725x1024.jpg 725w, https:\/\/herbert-bauer.de\/wp-content\/uploads\/2021\/03\/img20210305_14410223-212x300.jpg 212w, https:\/\/herbert-bauer.de\/wp-content\/uploads\/2021\/03\/img20210305_14410223-768x1085.jpg 768w, https:\/\/herbert-bauer.de\/wp-content\/uploads\/2021\/03\/img20210305_14410223-1087x1536.jpg 1087w, https:\/\/herbert-bauer.de\/wp-content\/uploads\/2021\/03\/img20210305_14410223-1450x2048.jpg 1450w, https:\/\/herbert-bauer.de\/wp-content\/uploads\/2021\/03\/img20210305_14410223-scaled.jpg 1812w\" sizes=\"auto, (max-width: 725px) 100vw, 725px\" \/><\/figure>\n<\/div>\n<\/div>\n\n\n\n<div class=\"wp-block-columns is-layout-flex wp-container-core-columns-is-layout-9d6595d7 wp-block-columns-is-layout-flex\">\n<div class=\"wp-block-column is-layout-flow wp-block-column-is-layout-flow\">\n<figure class=\"wp-block-image size-large is-resized\"><img loading=\"lazy\" decoding=\"async\" width=\"356\" height=\"374\" src=\"http:\/\/test.herbert-bauer.de\/wp-content\/uploads\/2021\/03\/img20210305_18051427-min-1.png\" alt=\"\" class=\"wp-image-582\" style=\"width:380px;height:398px\" srcset=\"https:\/\/herbert-bauer.de\/wp-content\/uploads\/2021\/03\/img20210305_18051427-min-1.png 356w, https:\/\/herbert-bauer.de\/wp-content\/uploads\/2021\/03\/img20210305_18051427-min-1-286x300.png 286w\" sizes=\"auto, (max-width: 356px) 100vw, 356px\" \/><figcaption class=\"wp-element-caption\">F<em>ranz und Maria Bauer 1933 in New York<\/em><\/figcaption><\/figure>\n<\/div>\n\n\n\n<div class=\"wp-block-column is-layout-flow wp-block-column-is-layout-flow\">\n<p><\/p>\n\n\n\n<p><\/p>\n\n\n\n<p><\/p>\n\n\n\n<div class=\"wp-block-columns is-layout-flex wp-container-core-columns-is-layout-9d6595d7 wp-block-columns-is-layout-flex\">\n<div class=\"wp-block-column is-layout-flow wp-block-column-is-layout-flow\"><\/div>\n<\/div>\n\n\n\n<div class=\"wp-block-columns is-layout-flex wp-container-core-columns-is-layout-9d6595d7 wp-block-columns-is-layout-flex\">\n<div class=\"wp-block-column is-layout-flow wp-block-column-is-layout-flow\"><\/div>\n<\/div>\n\n\n\n<div class=\"wp-block-columns is-layout-flex wp-container-core-columns-is-layout-9d6595d7 wp-block-columns-is-layout-flex\">\n<div class=\"wp-block-column is-layout-flow wp-block-column-is-layout-flow\"><\/div>\n<\/div>\n\n\n\n<div class=\"wp-block-columns is-layout-flex wp-container-core-columns-is-layout-9d6595d7 wp-block-columns-is-layout-flex\">\n<div class=\"wp-block-column is-layout-flow wp-block-column-is-layout-flow\"><\/div>\n<\/div>\n\n\n\n<p>Die Eltern, der Feinmechaniker Franz Bauer und seine Frau Maria waren zun\u00e4chst in die USA nach New York ausgewandert. <\/p>\n<\/div>\n<\/div>\n\n\n\n<div class=\"wp-block-columns is-layout-flex wp-container-core-columns-is-layout-9d6595d7 wp-block-columns-is-layout-flex\">\n<div class=\"wp-block-column is-layout-flow wp-block-column-is-layout-flow\"><\/div>\n<\/div>\n\n\n\n<div style=\"height:40px\" aria-hidden=\"true\" class=\"wp-block-spacer\"><\/div>\n\n\n\n<div class=\"wp-block-columns is-layout-flex wp-container-core-columns-is-layout-9d6595d7 wp-block-columns-is-layout-flex\">\n<div class=\"wp-block-column is-layout-flow wp-block-column-is-layout-flow\">\n<figure class=\"wp-block-image size-full is-resized\"><img loading=\"lazy\" decoding=\"async\" width=\"656\" height=\"496\" src=\"https:\/\/herbert-bauer.de\/wp-content\/uploads\/2022\/09\/img20210305_17542326.png\" alt=\"\" class=\"wp-image-2998\" style=\"width:481px;height:364px\" srcset=\"https:\/\/herbert-bauer.de\/wp-content\/uploads\/2022\/09\/img20210305_17542326.png 656w, https:\/\/herbert-bauer.de\/wp-content\/uploads\/2022\/09\/img20210305_17542326-16x12.png 16w\" sizes=\"auto, (max-width: 656px) 100vw, 656px\" \/><figcaption class=\"wp-element-caption\"><em>Franz, Herbert und Maria Bauer 1937 an Bord der &#8222;Deutschland&#8220;<\/em><\/figcaption><\/figure>\n<\/div>\n\n\n\n<div class=\"wp-block-column is-layout-flow wp-block-column-is-layout-flow\">\n<div style=\"height:136px\" aria-hidden=\"true\" class=\"wp-block-spacer\"><\/div>\n\n\n\n<p>Auf Dr\u00e4ngen seiner inzwischen verwitweten Mutter Verena schiffte der Sozialdemokrat Franz Bauer trotz des voranschreitenden Nationalsozialismus mit seiner Familie am 5.Okober <strong>1937<\/strong> an Bord der \u201eDeutschland\u201c ein, um \u00fcber die Hamburg-Amerika Linie in die alte Heimat  zur\u00fcckzukehren.  <\/p>\n<\/div>\n<\/div>\n\n\n\n<div class=\"wp-block-columns is-layout-flex wp-container-core-columns-is-layout-9d6595d7 wp-block-columns-is-layout-flex\">\n<div class=\"wp-block-column is-layout-flow wp-block-column-is-layout-flow\"><\/div>\n<\/div>\n\n\n\n<div class=\"wp-block-columns is-layout-flex wp-container-core-columns-is-layout-9d6595d7 wp-block-columns-is-layout-flex\">\n<div class=\"wp-block-column is-layout-flow wp-block-column-is-layout-flow\"><\/div>\n<\/div>\n\n\n\n<div class=\"wp-block-columns is-layout-flex wp-container-core-columns-is-layout-9d6595d7 wp-block-columns-is-layout-flex\">\n<div class=\"wp-block-column is-layout-flow wp-block-column-is-layout-flow\">\n<figure class=\"wp-block-image size-large is-resized\"><img loading=\"lazy\" decoding=\"async\" width=\"541\" height=\"806\" src=\"http:\/\/test.herbert-bauer.de\/wp-content\/uploads\/2021\/03\/img20210307_15470340-min.png\" alt=\"\" class=\"wp-image-557\" style=\"width:402px;height:598px\" srcset=\"https:\/\/herbert-bauer.de\/wp-content\/uploads\/2021\/03\/img20210307_15470340-min.png 541w, https:\/\/herbert-bauer.de\/wp-content\/uploads\/2021\/03\/img20210307_15470340-min-201x300.png 201w\" sizes=\"auto, (max-width: 541px) 100vw, 541px\" \/><figcaption class=\"wp-element-caption\"><em>Das vom Gro\u00dfvater, Anton Bauer, 1905 erbaute Haus in Stuttgart, in dem Herbert Bauer von 1937-1959 mit seinen Eltern lebte.<\/em><\/figcaption><\/figure>\n\n\n\n<p><\/p>\n<\/div>\n\n\n\n<div class=\"wp-block-column is-layout-flow wp-block-column-is-layout-flow\">\n<div class=\"wp-block-columns is-layout-flex wp-container-core-columns-is-layout-9d6595d7 wp-block-columns-is-layout-flex\">\n<div class=\"wp-block-column is-layout-flow wp-block-column-is-layout-flow\"><\/div>\n<\/div>\n\n\n\n<div class=\"wp-block-columns is-layout-flex wp-container-core-columns-is-layout-9d6595d7 wp-block-columns-is-layout-flex\">\n<div class=\"wp-block-column is-layout-flow wp-block-column-is-layout-flow\"><\/div>\n<\/div>\n\n\n\n<div class=\"wp-block-columns is-layout-flex wp-container-core-columns-is-layout-9d6595d7 wp-block-columns-is-layout-flex\">\n<div class=\"wp-block-column is-layout-flow wp-block-column-is-layout-flow\"><\/div>\n<\/div>\n\n\n\n<div class=\"wp-block-columns is-layout-flex wp-container-core-columns-is-layout-9d6595d7 wp-block-columns-is-layout-flex\">\n<div class=\"wp-block-column is-layout-flow wp-block-column-is-layout-flow\"><\/div>\n<\/div>\n\n\n\n<div class=\"wp-block-columns is-layout-flex wp-container-core-columns-is-layout-9d6595d7 wp-block-columns-is-layout-flex\">\n<div class=\"wp-block-column is-layout-flow wp-block-column-is-layout-flow\">\n<div style=\"height:100px\" aria-hidden=\"true\" class=\"wp-block-spacer\"><\/div>\n<\/div>\n<\/div>\n\n\n\n<p>Die junge Familie zog in das elterliche Haus in Stuttgart. Der Vater, Franz Bauer, nahm eine Anstellung bei der Firma Leitz an.\u00a0<\/p>\n\n\n\n<p><\/p>\n<\/div>\n<\/div>\n\n\n\n<div class=\"wp-block-columns is-layout-flex wp-container-core-columns-is-layout-9d6595d7 wp-block-columns-is-layout-flex\">\n<div class=\"wp-block-column is-layout-flow wp-block-column-is-layout-flow\">\n<div class=\"wp-block-columns is-layout-flex wp-container-core-columns-is-layout-9d6595d7 wp-block-columns-is-layout-flex\">\n<div class=\"wp-block-column is-layout-flow wp-block-column-is-layout-flow\"><\/div>\n<\/div>\n\n\n\n<div class=\"wp-block-columns is-layout-flex wp-container-core-columns-is-layout-9d6595d7 wp-block-columns-is-layout-flex\">\n<div class=\"wp-block-column is-layout-flow wp-block-column-is-layout-flow\"><\/div>\n<\/div>\n\n\n\n<div class=\"wp-block-columns is-layout-flex wp-container-core-columns-is-layout-9d6595d7 wp-block-columns-is-layout-flex\">\n<div class=\"wp-block-column is-layout-flow wp-block-column-is-layout-flow\"><\/div>\n<\/div>\n\n\n\n<div class=\"wp-block-columns is-layout-flex wp-container-core-columns-is-layout-9d6595d7 wp-block-columns-is-layout-flex\">\n<div class=\"wp-block-column is-layout-flow wp-block-column-is-layout-flow\">\n<div style=\"height:128px\" aria-hidden=\"true\" class=\"wp-block-spacer\"><\/div>\n<\/div>\n<\/div>\n\n\n\n<p>Im Februar <strong>1938<\/strong>&nbsp; wurde die Schwester Christa geboren.<\/p>\n\n\n\n<p><\/p>\n<\/div>\n\n\n\n<div class=\"wp-block-column is-layout-flow wp-block-column-is-layout-flow\">\n<figure class=\"wp-block-image size-large is-resized\"><img loading=\"lazy\" decoding=\"async\" width=\"493\" height=\"667\" src=\"http:\/\/test.herbert-bauer.de\/wp-content\/uploads\/2021\/03\/img20210307_15503464-min.png\" alt=\"\" class=\"wp-image-559\" style=\"width:391px;height:528px\" srcset=\"https:\/\/herbert-bauer.de\/wp-content\/uploads\/2021\/03\/img20210307_15503464-min.png 493w, https:\/\/herbert-bauer.de\/wp-content\/uploads\/2021\/03\/img20210307_15503464-min-222x300.png 222w\" sizes=\"auto, (max-width: 493px) 100vw, 493px\" \/><figcaption class=\"wp-element-caption\"><em>Christa und Herbert Bauer, Sommer 1940, im Garten der Eltern in Stuttgart<\/em><\/figcaption><\/figure>\n\n\n\n<p><\/p>\n<\/div>\n<\/div>\n\n\n\n<div class=\"wp-block-columns is-layout-flex wp-container-core-columns-is-layout-9d6595d7 wp-block-columns-is-layout-flex\">\n<div class=\"wp-block-column is-layout-flow wp-block-column-is-layout-flow\">\n<figure class=\"wp-block-image size-large\"><img loading=\"lazy\" decoding=\"async\" width=\"495\" height=\"650\" src=\"http:\/\/test.herbert-bauer.de\/wp-content\/uploads\/2021\/03\/img20210305_14394452.jpg\" alt=\"\" class=\"wp-image-499\" srcset=\"https:\/\/herbert-bauer.de\/wp-content\/uploads\/2021\/03\/img20210305_14394452.jpg 495w, https:\/\/herbert-bauer.de\/wp-content\/uploads\/2021\/03\/img20210305_14394452-228x300.jpg 228w\" sizes=\"auto, (max-width: 495px) 100vw, 495px\" \/><figcaption class=\"wp-element-caption\"><em>Herbert Bauer 1941 vor dem elterlichen Haus<\/em><\/figcaption><\/figure>\n<\/div>\n\n\n\n<div class=\"wp-block-column is-layout-flow wp-block-column-is-layout-flow\">\n<div class=\"wp-block-columns is-layout-flex wp-container-core-columns-is-layout-9d6595d7 wp-block-columns-is-layout-flex\">\n<div class=\"wp-block-column is-layout-flow wp-block-column-is-layout-flow\"><\/div>\n<\/div>\n\n\n\n<div class=\"wp-block-columns is-layout-flex wp-container-core-columns-is-layout-9d6595d7 wp-block-columns-is-layout-flex\">\n<div class=\"wp-block-column is-layout-flow wp-block-column-is-layout-flow\"><\/div>\n<\/div>\n\n\n\n<div class=\"wp-block-columns is-layout-flex wp-container-core-columns-is-layout-9d6595d7 wp-block-columns-is-layout-flex\">\n<div class=\"wp-block-column is-layout-flow wp-block-column-is-layout-flow\"><\/div>\n<\/div>\n\n\n\n<div class=\"wp-block-columns is-layout-flex wp-container-core-columns-is-layout-9d6595d7 wp-block-columns-is-layout-flex\">\n<div class=\"wp-block-column is-layout-flow wp-block-column-is-layout-flow\"><\/div>\n<\/div>\n\n\n\n<div class=\"wp-block-columns is-layout-flex wp-container-core-columns-is-layout-9d6595d7 wp-block-columns-is-layout-flex\">\n<div class=\"wp-block-column is-layout-flow wp-block-column-is-layout-flow\"><\/div>\n<\/div>\n\n\n\n<div class=\"wp-block-columns is-layout-flex wp-container-core-columns-is-layout-9d6595d7 wp-block-columns-is-layout-flex\">\n<div class=\"wp-block-column is-layout-flow wp-block-column-is-layout-flow\"><\/div>\n<\/div>\n\n\n\n<div class=\"wp-block-columns is-layout-flex wp-container-core-columns-is-layout-9d6595d7 wp-block-columns-is-layout-flex\">\n<div class=\"wp-block-column is-layout-flow wp-block-column-is-layout-flow\"><\/div>\n<\/div>\n\n\n\n<div class=\"wp-block-columns is-layout-flex wp-container-core-columns-is-layout-9d6595d7 wp-block-columns-is-layout-flex\"><\/div>\n\n\n\n<p><\/p>\n\n\n\n<p>Ab Herbst <strong>1941<\/strong> besuchte Herbert Bauer die Br\u00fchlschule  in Stuttgart-Feuerbach.<\/p>\n<\/div>\n<\/div>\n\n\n\n<div class=\"wp-block-columns is-layout-flex wp-container-core-columns-is-layout-9d6595d7 wp-block-columns-is-layout-flex\">\n<div class=\"wp-block-column is-layout-flow wp-block-column-is-layout-flow\">\n<div class=\"wp-block-columns is-layout-flex wp-container-core-columns-is-layout-9d6595d7 wp-block-columns-is-layout-flex\">\n<div class=\"wp-block-column is-layout-flow wp-block-column-is-layout-flow\">\n<p>Als Deutsch-Amerikaner hatte der Junge zunehmend unter nationalsozialistischen Lehrern zu leiden. Im Kriegsjahr <strong>1943<\/strong> nahm man den Achtj\u00e4hrigen gegen den Willen seiner Eltern aus der Familie und lagerte ihn nach Bietigheim aus, da die Br\u00fchlschule geschlossen worden war. W\u00e4hrend der Schulzeit in Bietigheim wohnte Herbert Bauer bei dem K\u00fcnstler Paul Reichle, der w\u00e4hrend des Krieges in den dortigen Linoleumwerken arbeitete. Auf dem gemeinsamen Schulweg wurde ein Klassenkamerad neben dem neunj\u00e4hrigen Herbert bei einem Bombenangriff t\u00f6dlich verletzt. Auch musste er mitansehen, wie in anhaltenden Z\u00fcgen Menschen in G\u00fcterwagons deportiert wurden. Als er <strong>1944 <\/strong>wieder zu seinen Eltern nach Stuttgart zur\u00fcckgekehrt war, war die Bombardierung Stuttgarts mit ihren n\u00e4chtlichen Luftangriffen durch die Alliierten auf dem H\u00f6hepunkt angekommen. Der schwer an Asthma erkrankte Vater wurde nachts zu L\u00f6scharbeiten herangezogen, der Rest der Familie rettete sich vor den Angriffen in die Keller der Firma Leitz oder in einen der umliegenden Bunker.<\/p>\n\n\n\n<p>Mit dem Einmarsch der amerikanischen Truppen nach Stuttgart-Feuerbach endeten nicht nur der Krieg, sondern auch die Probleme und Schwierigkeiten, die die doppelte Staatsb\u00fcrgerschaft mit sich gebracht hatte. Von <strong>1946-1951 <\/strong>besuchte er das Leibnitz Gymnasium in Stuttgart. Eine freie k\u00fcnstlerische Entfaltung war dort im Kunstunterricht allerdings nicht vorgesehen.<\/p>\n<\/div>\n<\/div>\n<\/div>\n<\/div>\n\n\n\n<div class=\"wp-block-columns is-layout-flex wp-container-core-columns-is-layout-9d6595d7 wp-block-columns-is-layout-flex\">\n<div class=\"wp-block-column is-layout-flow wp-block-column-is-layout-flow\">\n<div class=\"wp-block-columns is-layout-flex wp-container-core-columns-is-layout-9d6595d7 wp-block-columns-is-layout-flex\">\n<div class=\"wp-block-column is-layout-flow wp-block-column-is-layout-flow\"><\/div>\n<\/div>\n\n\n\n<div class=\"wp-block-columns is-layout-flex wp-container-core-columns-is-layout-9d6595d7 wp-block-columns-is-layout-flex\">\n<div class=\"wp-block-column is-layout-flow wp-block-column-is-layout-flow\"><\/div>\n<\/div>\n\n\n\n<div class=\"wp-block-columns is-layout-flex wp-container-core-columns-is-layout-9d6595d7 wp-block-columns-is-layout-flex\">\n<div class=\"wp-block-column is-layout-flow wp-block-column-is-layout-flow\"><\/div>\n<\/div>\n\n\n\n<div class=\"wp-block-columns is-layout-flex wp-container-core-columns-is-layout-9d6595d7 wp-block-columns-is-layout-flex\">\n<div class=\"wp-block-column is-layout-flow wp-block-column-is-layout-flow\"><\/div>\n<\/div>\n\n\n\n<div class=\"wp-block-columns is-layout-flex wp-container-core-columns-is-layout-9d6595d7 wp-block-columns-is-layout-flex\">\n<div class=\"wp-block-column is-layout-flow wp-block-column-is-layout-flow\"><\/div>\n<\/div>\n\n\n\n<p>Mit 16 Jahren begann er deshalb eine Ausbildung zum Farblithographen und Farb\u00e4tzer bei der Graphischen Kunstanstalt Schuler (<strong>1951-1954<\/strong>), um f\u00fcr die erhoffte k\u00fcnstlerische T\u00e4tigkeit eine handwerkliche Grundlage zu erwerben.<\/p>\n<\/div>\n\n\n\n<div class=\"wp-block-column is-layout-flow wp-block-column-is-layout-flow\">\n<figure class=\"wp-block-image size-large\"><img loading=\"lazy\" decoding=\"async\" width=\"1024\" height=\"756\" src=\"http:\/\/test.herbert-bauer.de\/wp-content\/uploads\/2021\/03\/img20210305_14083775-1024x756.jpg\" alt=\"\" class=\"wp-image-494\" srcset=\"https:\/\/herbert-bauer.de\/wp-content\/uploads\/2021\/03\/img20210305_14083775-1024x756.jpg 1024w, https:\/\/herbert-bauer.de\/wp-content\/uploads\/2021\/03\/img20210305_14083775-300x221.jpg 300w, https:\/\/herbert-bauer.de\/wp-content\/uploads\/2021\/03\/img20210305_14083775-768x567.jpg 768w, https:\/\/herbert-bauer.de\/wp-content\/uploads\/2021\/03\/img20210305_14083775-1536x1133.jpg 1536w, https:\/\/herbert-bauer.de\/wp-content\/uploads\/2021\/03\/img20210305_14083775.jpg 1751w\" sizes=\"auto, (max-width: 1024px) 100vw, 1024px\" \/><figcaption class=\"wp-element-caption\"><em>Kunstanstalt Schuler, Stuttgart, 1952, rechts: Herbert Bauer<\/em><\/figcaption><\/figure>\n<\/div>\n<\/div>\n\n\n\n<div class=\"wp-block-columns is-layout-flex wp-container-core-columns-is-layout-9d6595d7 wp-block-columns-is-layout-flex\">\n<div class=\"wp-block-column is-layout-flow wp-block-column-is-layout-flow\">\n<p>Hier erlernte der junge K\u00fcnstler verschiedene Drucktechniken und befasste sich mit graphischer Gestaltung, wodurch sich ihm weitere Perspektiven zur Entfaltung seiner eigenen k\u00fcnstlerischen F\u00e4higkeiten er\u00f6ffneten.<\/p>\n\n\n\n<p>Als besonders faszinierend und pr\u00e4gend beschrieb er die Kunstsammlung Abstrakter Moderne des Arztes Ottomar Domnick, die er <strong>1953<\/strong> erstmals gesehen hatte. Die drei Hauptvertreter dieser Sammlung, Willi Baumeister, Hans Hartung und Fritz Winter, lernte Herbert Bauer im Lauf seines Lebens pers\u00f6nlich kennen: zuerst 1954 Willi Baumeister, einen der bedeutendsten K\u00fcnstler der Moderne, 1961 Fritz Winter, der zu den wichtigsten abstrakten K\u00fcnstlern der Nachkriegszeit z\u00e4hlt und 1977 Hans Hartung, einen der ma\u00dfgeblichsten Wegbereiter des europ\u00e4ischen Informel.<\/p>\n<\/div>\n<\/div>\n\n\n\n<div class=\"wp-block-columns is-layout-flex wp-container-core-columns-is-layout-9d6595d7 wp-block-columns-is-layout-flex\">\n<div class=\"wp-block-column is-layout-flow wp-block-column-is-layout-flow\">\n<figure class=\"wp-block-image size-large\"><img loading=\"lazy\" decoding=\"async\" width=\"1024\" height=\"743\" src=\"http:\/\/test.herbert-bauer.de\/wp-content\/uploads\/2021\/03\/img20210305_14104155-1024x743.jpg\" alt=\"\" class=\"wp-image-496\" srcset=\"https:\/\/herbert-bauer.de\/wp-content\/uploads\/2021\/03\/img20210305_14104155-1024x743.jpg 1024w, https:\/\/herbert-bauer.de\/wp-content\/uploads\/2021\/03\/img20210305_14104155-300x218.jpg 300w, https:\/\/herbert-bauer.de\/wp-content\/uploads\/2021\/03\/img20210305_14104155-768x557.jpg 768w, https:\/\/herbert-bauer.de\/wp-content\/uploads\/2021\/03\/img20210305_14104155-1536x1114.jpg 1536w, https:\/\/herbert-bauer.de\/wp-content\/uploads\/2021\/03\/img20210305_14104155.jpg 1767w\" sizes=\"auto, (max-width: 1024px) 100vw, 1024px\" \/><figcaption class=\"wp-element-caption\"><em>Klasse Prof. Eugen Funk 1956, rechts aussen: Herbert Bauer<\/em><\/figcaption><\/figure>\n<\/div>\n\n\n\n<div class=\"wp-block-column is-layout-flow wp-block-column-is-layout-flow\" style=\"flex-basis:20px\"><\/div>\n\n\n\n<div class=\"wp-block-column is-layout-flow wp-block-column-is-layout-flow\">\n<div style=\"height:100px\" aria-hidden=\"true\" class=\"wp-block-spacer\"><\/div>\n\n\n\n<p>Der zwanzigj\u00e4hrige bewarb sich 1954 an der Kunstakademie in Stuttgart, wo er von <strong>1954-1959 <\/strong>Kunst mit dem Schwerpunkt Graphikdesign bei Prof. Eugen Funk studierte. Er besuchte zudem im letzten Lebensjahr von <strong>Willi Baumeister <\/strong>dessen Vorlesungen und nahm an dessen studentischen Werkbesprechungen teil.  <\/p>\n<\/div>\n<\/div>\n\n\n\n<div class=\"wp-block-columns is-layout-flex wp-container-core-columns-is-layout-9d6595d7 wp-block-columns-is-layout-flex\">\n<div class=\"wp-block-column is-layout-flow wp-block-column-is-layout-flow\">\n<div class=\"wp-block-columns is-layout-flex wp-container-core-columns-is-layout-9d6595d7 wp-block-columns-is-layout-flex\">\n<div class=\"wp-block-column is-layout-flow wp-block-column-is-layout-flow\"><\/div>\n<\/div>\n\n\n\n<div class=\"wp-block-columns is-layout-flex wp-container-core-columns-is-layout-9d6595d7 wp-block-columns-is-layout-flex\">\n<div class=\"wp-block-column is-layout-flow wp-block-column-is-layout-flow\"><\/div>\n<\/div>\n\n\n\n<div class=\"wp-block-columns is-layout-flex wp-container-core-columns-is-layout-9d6595d7 wp-block-columns-is-layout-flex\">\n<div class=\"wp-block-column is-layout-flow wp-block-column-is-layout-flow\"><\/div>\n<\/div>\n\n\n\n<div class=\"wp-block-columns is-layout-flex wp-container-core-columns-is-layout-9d6595d7 wp-block-columns-is-layout-flex\">\n<div class=\"wp-block-column is-layout-flow wp-block-column-is-layout-flow\"><\/div>\n<\/div>\n\n\n\n<div class=\"wp-block-columns is-layout-flex wp-container-core-columns-is-layout-9d6595d7 wp-block-columns-is-layout-flex\">\n<div class=\"wp-block-column is-layout-flow wp-block-column-is-layout-flow\"><\/div>\n<\/div>\n\n\n\n<div class=\"wp-block-columns is-layout-flex wp-container-core-columns-is-layout-9d6595d7 wp-block-columns-is-layout-flex\">\n<div class=\"wp-block-column is-layout-flow wp-block-column-is-layout-flow\">\n<div style=\"height:67px\" aria-hidden=\"true\" class=\"wp-block-spacer\"><\/div>\n<\/div>\n<\/div>\n\n\n\n<p>Au\u00dferdem verbrachte er Studienaufenthalte in Paris (1955) und im Tessin (1956).<\/p>\n<\/div>\n\n\n\n<div class=\"wp-block-column is-layout-flow wp-block-column-is-layout-flow\">\n<figure class=\"wp-block-image size-large is-resized\"><img loading=\"lazy\" decoding=\"async\" width=\"731\" height=\"1024\" src=\"http:\/\/test.herbert-bauer.de\/wp-content\/uploads\/2021\/03\/img20210307_15393927-min-731x1024.png\" alt=\"\" class=\"wp-image-536\" style=\"width:388px;height:543px\" srcset=\"https:\/\/herbert-bauer.de\/wp-content\/uploads\/2021\/03\/img20210307_15393927-min-731x1024.png 731w, https:\/\/herbert-bauer.de\/wp-content\/uploads\/2021\/03\/img20210307_15393927-min-214x300.png 214w, https:\/\/herbert-bauer.de\/wp-content\/uploads\/2021\/03\/img20210307_15393927-min-768x1075.png 768w, https:\/\/herbert-bauer.de\/wp-content\/uploads\/2021\/03\/img20210307_15393927-min-1097x1536.png 1097w, https:\/\/herbert-bauer.de\/wp-content\/uploads\/2021\/03\/img20210307_15393927-min.png 1294w\" sizes=\"auto, (max-width: 731px) 100vw, 731px\" \/><figcaption class=\"wp-element-caption\"><em>Paris 1955, von links: Ursula Michler, Susanne Osthus, die sp\u00e4tere Frau des Malers Herbert Bauer<\/em><\/figcaption><\/figure>\n<\/div>\n<\/div>\n\n\n\n<div style=\"height:69px\" aria-hidden=\"true\" class=\"wp-block-spacer\"><\/div>\n\n\n\n<div class=\"wp-block-columns is-layout-flex wp-container-core-columns-is-layout-9d6595d7 wp-block-columns-is-layout-flex\">\n<div class=\"wp-block-column is-layout-flow wp-block-column-is-layout-flow\">\n<p><strong>1957<\/strong> beteiligte er sich an der Ausstellung \u201eKunstpreis der Jugend in Baden-W\u00fcrttemberg\u201c in Baden-Baden. <strong>1958<\/strong> arbeitete er in Br\u00fcssel an Objekten f\u00fcr die Weltausstellung u.a. an der Innenbemalung eines Pavillons. Nach dem Studium ging Herbert Bauer f\u00fcr zwei Jahre, von <strong>1959-1961<\/strong>, nach Wolfsburg, wo er als k\u00fcnstlerischer Mitarbeiter bei den Volkswagenwerken f\u00fcr Gestaltung und experimentelle Graphik zust\u00e4ndig war.<\/p>\n\n\n\n<p>W\u00e4hrend dieser Zeit lernte er den ehemaligen Bauhaussch\u00fcler <strong>Fritz Winter<\/strong> kennen, Professor an der Staatlichen Akademie der Bildenden K\u00fcnste in Kassel.<\/p>\n<\/div>\n<\/div>\n\n\n\n<div class=\"wp-block-columns is-layout-flex wp-container-core-columns-is-layout-9d6595d7 wp-block-columns-is-layout-flex\">\n<div class=\"wp-block-column is-layout-flow wp-block-column-is-layout-flow\">\n<figure class=\"wp-block-image size-large\"><img loading=\"lazy\" decoding=\"async\" width=\"1024\" height=\"989\" src=\"http:\/\/test.herbert-bauer.de\/wp-content\/uploads\/2021\/03\/img20210307_15451524-min-1024x989.png\" alt=\"\" class=\"wp-image-539\" srcset=\"https:\/\/herbert-bauer.de\/wp-content\/uploads\/2021\/03\/img20210307_15451524-min-1024x989.png 1024w, https:\/\/herbert-bauer.de\/wp-content\/uploads\/2021\/03\/img20210307_15451524-min-300x290.png 300w, https:\/\/herbert-bauer.de\/wp-content\/uploads\/2021\/03\/img20210307_15451524-min-768x742.png 768w, https:\/\/herbert-bauer.de\/wp-content\/uploads\/2021\/03\/img20210307_15451524-min.png 1105w\" sizes=\"auto, (max-width: 1024px) 100vw, 1024px\" \/><figcaption class=\"wp-element-caption\"><em>Herbert Bauer im Atelier der Hochschule f\u00fcr Bildende K\u00fcnste in Kassel, 1961<\/em><\/figcaption><\/figure>\n<\/div>\n\n\n\n<div class=\"wp-block-column is-layout-flow wp-block-column-is-layout-flow\" style=\"flex-basis:20px\"><\/div>\n\n\n\n<div class=\"wp-block-column is-layout-flow wp-block-column-is-layout-flow\">\n<div class=\"wp-block-columns is-layout-flex wp-container-core-columns-is-layout-9d6595d7 wp-block-columns-is-layout-flex\">\n<div class=\"wp-block-column is-layout-flow wp-block-column-is-layout-flow\"><\/div>\n<\/div>\n\n\n\n<div class=\"wp-block-columns is-layout-flex wp-container-core-columns-is-layout-9d6595d7 wp-block-columns-is-layout-flex\">\n<div class=\"wp-block-column is-layout-flow wp-block-column-is-layout-flow\"><\/div>\n<\/div>\n\n\n\n<div class=\"wp-block-columns is-layout-flex wp-container-core-columns-is-layout-9d6595d7 wp-block-columns-is-layout-flex\">\n<div class=\"wp-block-column is-layout-flow wp-block-column-is-layout-flow\"><\/div>\n<\/div>\n\n\n\n<div class=\"wp-block-columns is-layout-flex wp-container-core-columns-is-layout-9d6595d7 wp-block-columns-is-layout-flex\">\n<div class=\"wp-block-column is-layout-flow wp-block-column-is-layout-flow\"><\/div>\n<\/div>\n\n\n\n<div class=\"wp-block-columns is-layout-flex wp-container-core-columns-is-layout-9d6595d7 wp-block-columns-is-layout-flex\">\n<div class=\"wp-block-column is-layout-flow wp-block-column-is-layout-flow\"><\/div>\n<\/div>\n\n\n\n<p><\/p>\n\n\n\n<p><strong>1961<\/strong> gab Herbert Bauer seine lukrative T\u00e4tigkeit bei VW auf und folgte Fritz Winter f\u00fcr ein weiteres Studium bis <strong>1963<\/strong> als dessen Meistersch\u00fcler nach Kassel.<\/p>\n<\/div>\n<\/div>\n\n\n\n<div class=\"wp-block-columns is-layout-flex wp-container-core-columns-is-layout-9d6595d7 wp-block-columns-is-layout-flex\">\n<div class=\"wp-block-column is-layout-flow wp-block-column-is-layout-flow\">\n<p>Im Jahr <strong>1962<\/strong> heiratete er seine Studienfreundin, die Innenarchitektin Susanne Osthus. Das Paar richtete sich eine Wohnung mit angeschlossenem Atelier in Stuttgart-Sillenbuch ein.<strong>&nbsp;<\/strong><\/p>\n<\/div>\n<\/div>\n\n\n\n<div class=\"wp-block-columns is-layout-flex wp-container-core-columns-is-layout-9d6595d7 wp-block-columns-is-layout-flex\">\n<div class=\"wp-block-column is-layout-flow wp-block-column-is-layout-flow\">\n<figure class=\"wp-block-image size-large\"><img loading=\"lazy\" decoding=\"async\" width=\"1024\" height=\"675\" src=\"http:\/\/test.herbert-bauer.de\/wp-content\/uploads\/2021\/03\/img20210308_14133239-min-1024x675.png\" alt=\"\" class=\"wp-image-521\" srcset=\"https:\/\/herbert-bauer.de\/wp-content\/uploads\/2021\/03\/img20210308_14133239-min-1024x675.png 1024w, https:\/\/herbert-bauer.de\/wp-content\/uploads\/2021\/03\/img20210308_14133239-min-300x198.png 300w, https:\/\/herbert-bauer.de\/wp-content\/uploads\/2021\/03\/img20210308_14133239-min-768x506.png 768w, https:\/\/herbert-bauer.de\/wp-content\/uploads\/2021\/03\/img20210308_14133239-min-1536x1013.png 1536w, https:\/\/herbert-bauer.de\/wp-content\/uploads\/2021\/03\/img20210308_14133239-min-2048x1350.png 2048w\" sizes=\"auto, (max-width: 1024px) 100vw, 1024px\" \/><figcaption class=\"wp-element-caption\"><em>Herbert Bauer 1982, in seinem Atelier in Stuttgart Sillenbuch<\/em><\/figcaption><\/figure>\n<\/div>\n\n\n\n<div class=\"wp-block-column is-layout-flow wp-block-column-is-layout-flow\" style=\"flex-basis:20px\">\n<div class=\"wp-block-columns is-layout-flex wp-container-core-columns-is-layout-9d6595d7 wp-block-columns-is-layout-flex\">\n<div class=\"wp-block-column is-layout-flow wp-block-column-is-layout-flow\"><\/div>\n<\/div>\n<\/div>\n\n\n\n<div class=\"wp-block-column is-layout-flow wp-block-column-is-layout-flow\">\n<figure class=\"wp-block-image size-large is-resized\"><img loading=\"lazy\" decoding=\"async\" width=\"743\" height=\"1024\" src=\"http:\/\/test.herbert-bauer.de\/wp-content\/uploads\/2021\/03\/Herbert-Bauer-Atelier-10-min-743x1024.png\" alt=\"\" class=\"wp-image-516\" style=\"width:257px;height:355px\" srcset=\"https:\/\/herbert-bauer.de\/wp-content\/uploads\/2021\/03\/Herbert-Bauer-Atelier-10-min-743x1024.png 743w, https:\/\/herbert-bauer.de\/wp-content\/uploads\/2021\/03\/Herbert-Bauer-Atelier-10-min-218x300.png 218w, https:\/\/herbert-bauer.de\/wp-content\/uploads\/2021\/03\/Herbert-Bauer-Atelier-10-min-768x1058.png 768w, https:\/\/herbert-bauer.de\/wp-content\/uploads\/2021\/03\/Herbert-Bauer-Atelier-10-min-1115x1536.png 1115w, https:\/\/herbert-bauer.de\/wp-content\/uploads\/2021\/03\/Herbert-Bauer-Atelier-10-min-1487x2048.png 1487w\" sizes=\"auto, (max-width: 743px) 100vw, 743px\" \/><figcaption class=\"wp-element-caption\"><em>Herbert Bauer 1975, Atelier Sillenbuch<\/em><\/figcaption><\/figure>\n<\/div>\n<\/div>\n\n\n\n<div class=\"wp-block-columns is-layout-flex wp-container-core-columns-is-layout-9d6595d7 wp-block-columns-is-layout-flex\">\n<div class=\"wp-block-column is-layout-flow wp-block-column-is-layout-flow\">\n<p>Im selben Jahr gr\u00fcndete Herbert Bauer mit seinem Studienfreund, Hans Pikat die Firma Bauer &amp; Pikat, ein Atelier f\u00fcr Fotographie und Graphikdesign, Es folgten umfangreiche Werbeauftr\u00e4ge u.a. f\u00fcr WMF und Bosch.<\/p>\n\n\n\n<p><strong>1963 <\/strong>wurde der Sohn Marcus geboren. Es folgte <strong>1965<\/strong> die Tochter Regine.<\/p>\n\n\n\n<p><strong>1966-1968<\/strong> entstanden die expressiv-dynamischen \u00d6lgem\u00e4lde \u201eFreie Kr\u00e4fte im Raum\u201c. Es handelt sich hierbei um f\u00fcnfzig gro\u00dfformatige Action Paintings, die f\u00fcr das Schaffen der mittleren sechziger Jahre kennzeichnend sind. <strong>1966<\/strong> traf Herbert Bauer <strong>Serge Poliakoff<\/strong> in St. Gallen. <\/p>\n\n\n\n<p><strong>1967<\/strong> kam es zu einer Verbindung mit der International Graphic Arts Society (GAS) mit Sitz in New York, der das Metropolitan Museum of Modern Art, das Museum of Art und das Art Institute of Chicago angeh\u00f6ren. Herbert Bauer erhielt den Auftrag f\u00fcr eine Serie von gro\u00dfformatigen Farblithographie-Auflagen f\u00fcr amerikanische Galerien.<\/p>\n\n\n\n<p><strong>1968-1970<\/strong> reiste Bauer nach Barcelona, Alicante Venedig und Dalmatien. \u00c4u\u00dferst fasziniert war er zudem von der Raumfahrt. Die Eindr\u00fccke des Earthrise-Fotos, aufgenommen vom Astronauten William Anders 1968 w\u00e4hrend des Fluges von Apollo 8, das den Erdaufgang vom All aus in einzigartig leuchtendem Blau zeigte, lie\u00dfen Herbert Bauer nicht mehr los. Unterdessen entstanden zahlreiche Bildzyklen, wie z.B. \u201eBewegung in den Farbr\u00e4umen\u201c, 1969, \u201eDas Quadrat\u201c,1968-1971&nbsp; und \u201eBewegung vor der Weite\u201c, 1970-1971.<\/p>\n\n\n\n<p>1970 wurden in der Europex Gallery in New York Werke von Herbert Bauer ausgestellt. <\/p>\n<\/div>\n<\/div>\n\n\n\n<div class=\"wp-block-columns is-layout-flex wp-container-core-columns-is-layout-9d6595d7 wp-block-columns-is-layout-flex\">\n<div class=\"wp-block-column is-layout-flow wp-block-column-is-layout-flow\">\n<figure class=\"wp-block-image size-large\"><img loading=\"lazy\" decoding=\"async\" width=\"1024\" height=\"1017\" src=\"http:\/\/test.herbert-bauer.de\/wp-content\/uploads\/2021\/03\/img20210307_15413193-min-1024x1017.png\" alt=\"\" class=\"wp-image-538\" srcset=\"https:\/\/herbert-bauer.de\/wp-content\/uploads\/2021\/03\/img20210307_15413193-min-1024x1017.png 1024w, https:\/\/herbert-bauer.de\/wp-content\/uploads\/2021\/03\/img20210307_15413193-min-300x298.png 300w, https:\/\/herbert-bauer.de\/wp-content\/uploads\/2021\/03\/img20210307_15413193-min-150x150.png 150w, https:\/\/herbert-bauer.de\/wp-content\/uploads\/2021\/03\/img20210307_15413193-min-768x763.png 768w, https:\/\/herbert-bauer.de\/wp-content\/uploads\/2021\/03\/img20210307_15413193-min.png 1339w\" sizes=\"auto, (max-width: 1024px) 100vw, 1024px\" \/><figcaption class=\"wp-element-caption\"><em>Achalm 1976, von links: HAP Grieshaber, Herbert Bauer, Helga Gausling<\/em><\/figcaption><\/figure>\n<\/div>\n\n\n\n<div class=\"wp-block-column is-layout-flow wp-block-column-is-layout-flow\" style=\"flex-basis:20px\"><\/div>\n\n\n\n<div class=\"wp-block-column is-layout-flow wp-block-column-is-layout-flow\">\n<div class=\"wp-block-columns is-layout-flex wp-container-core-columns-is-layout-9d6595d7 wp-block-columns-is-layout-flex\">\n<div class=\"wp-block-column is-layout-flow wp-block-column-is-layout-flow\"><\/div>\n<\/div>\n\n\n\n<div class=\"wp-block-columns is-layout-flex wp-container-core-columns-is-layout-9d6595d7 wp-block-columns-is-layout-flex\">\n<div class=\"wp-block-column is-layout-flow wp-block-column-is-layout-flow\"><\/div>\n<\/div>\n\n\n\n<div class=\"wp-block-columns is-layout-flex wp-container-core-columns-is-layout-9d6595d7 wp-block-columns-is-layout-flex\">\n<div class=\"wp-block-column is-layout-flow wp-block-column-is-layout-flow\"><\/div>\n<\/div>\n\n\n\n<div class=\"wp-block-columns is-layout-flex wp-container-core-columns-is-layout-9d6595d7 wp-block-columns-is-layout-flex\">\n<div class=\"wp-block-column is-layout-flow wp-block-column-is-layout-flow\"><\/div>\n<\/div>\n\n\n\n<div class=\"wp-block-columns is-layout-flex wp-container-core-columns-is-layout-9d6595d7 wp-block-columns-is-layout-flex\">\n<div class=\"wp-block-column is-layout-flow wp-block-column-is-layout-flow\"><\/div>\n<\/div>\n\n\n\n<div class=\"wp-block-columns is-layout-flex wp-container-core-columns-is-layout-9d6595d7 wp-block-columns-is-layout-flex\">\n<div class=\"wp-block-column is-layout-flow wp-block-column-is-layout-flow\"><\/div>\n<\/div>\n\n\n\n<div class=\"wp-block-columns is-layout-flex wp-container-core-columns-is-layout-9d6595d7 wp-block-columns-is-layout-flex\">\n<div class=\"wp-block-column is-layout-flow wp-block-column-is-layout-flow\"><\/div>\n<\/div>\n\n\n\n<p><strong>1970-1976<\/strong> Begegnungen mit <strong>HAP Grieshaber<\/strong> auf der Achalm bei Reutlingen.<\/p>\n<\/div>\n<\/div>\n\n\n\n<div class=\"wp-block-columns is-layout-flex wp-container-core-columns-is-layout-9d6595d7 wp-block-columns-is-layout-flex\">\n<div class=\"wp-block-column is-layout-flow wp-block-column-is-layout-flow\">\n<p><strong>1972<\/strong> erlangte Herbert Bauer zunehmende Bekanntheit durch verschiedene Ausstellungen in Augsburg, Bielefeld und in der Drexel Gallery, New York. Als besonders spektakul\u00e4r wurde die Ausstellung in Isselhorst &nbsp;bei G\u00fctersloh wahrgenommen, sie fand gro\u00dfe Beachtung, auch internationale Architektur- und Wohnmagazine berichteten dar\u00fcber. Die freundschaftliche Verbindung zu seinem Lehrer Fritz Winter vertiefte sich.<\/p>\n<\/div>\n<\/div>\n\n\n\n<div class=\"wp-block-columns is-layout-flex wp-container-core-columns-is-layout-9d6595d7 wp-block-columns-is-layout-flex\">\n<div class=\"wp-block-column is-layout-flow wp-block-column-is-layout-flow\">\n<figure class=\"wp-block-image size-large\"><img loading=\"lazy\" decoding=\"async\" width=\"1024\" height=\"1009\" src=\"http:\/\/test.herbert-bauer.de\/wp-content\/uploads\/2021\/03\/img20210305_17202686-1024x1009.jpg\" alt=\"\" class=\"wp-image-505\" srcset=\"https:\/\/herbert-bauer.de\/wp-content\/uploads\/2021\/03\/img20210305_17202686-1024x1009.jpg 1024w, https:\/\/herbert-bauer.de\/wp-content\/uploads\/2021\/03\/img20210305_17202686-300x296.jpg 300w, https:\/\/herbert-bauer.de\/wp-content\/uploads\/2021\/03\/img20210305_17202686-768x757.jpg 768w, https:\/\/herbert-bauer.de\/wp-content\/uploads\/2021\/03\/img20210305_17202686-1536x1513.jpg 1536w, https:\/\/herbert-bauer.de\/wp-content\/uploads\/2021\/03\/img20210305_17202686.jpg 2021w\" sizes=\"auto, (max-width: 1024px) 100vw, 1024px\" \/><figcaption class=\"wp-element-caption\"><em>Von links: Fritz Winter und Herbert Bauer in Winters Atelier in Die\u00dfen am Ammersee, 1974<\/em><\/figcaption><\/figure>\n<\/div>\n\n\n\n<div class=\"wp-block-column is-layout-flow wp-block-column-is-layout-flow\" style=\"flex-basis:20px\"><\/div>\n\n\n\n<div class=\"wp-block-column is-layout-flow wp-block-column-is-layout-flow\">\n<figure class=\"wp-block-image size-large is-resized\"><img loading=\"lazy\" decoding=\"async\" width=\"1012\" height=\"1024\" src=\"http:\/\/test.herbert-bauer.de\/wp-content\/uploads\/2021\/03\/img20210305_17173230-1012x1024.jpg\" alt=\"\" class=\"wp-image-503\" style=\"width:394px;height:398px\" srcset=\"https:\/\/herbert-bauer.de\/wp-content\/uploads\/2021\/03\/img20210305_17173230-1012x1024.jpg 1012w, https:\/\/herbert-bauer.de\/wp-content\/uploads\/2021\/03\/img20210305_17173230-296x300.jpg 296w, https:\/\/herbert-bauer.de\/wp-content\/uploads\/2021\/03\/img20210305_17173230-768x777.jpg 768w, https:\/\/herbert-bauer.de\/wp-content\/uploads\/2021\/03\/img20210305_17173230.jpg 1353w\" sizes=\"auto, (max-width: 1012px) 100vw, 1012px\" \/><figcaption class=\"wp-element-caption\"><em>Herbert Bauer und Fritz Winter im Atelier in Die\u00dfen, 1973<\/em><\/figcaption><\/figure>\n<\/div>\n<\/div>\n\n\n\n<div class=\"wp-block-columns is-layout-flex wp-container-core-columns-is-layout-9d6595d7 wp-block-columns-is-layout-flex\">\n<div class=\"wp-block-column is-layout-flow wp-block-column-is-layout-flow\">\n<p>Das Jahr war aber auch \u00fcberschattet von einer ersten Erkrankung, die <strong>1973<\/strong> einen l\u00e4ngeren Krankenhausaufenthalt erforderte. Dort entstanden \u201cKrankenhaus-Skizzen\u201c, die zur Grundlage einer neuen Bildserie wurden. Wieder genesen reiste Herbert Bauer mit seiner Familie erstmals auf die Insel Sardinien, die mit ihrer felsigen Landschaft und ihren Gesteinsformationen zur reichhaltigen Inspirationsquelle des Schaffens der 1970er Jahre wurde.<\/p>\n<\/div>\n<\/div>\n\n\n\n<div class=\"wp-block-columns is-layout-flex wp-container-core-columns-is-layout-9d6595d7 wp-block-columns-is-layout-flex\">\n<div class=\"wp-block-column is-layout-flow wp-block-column-is-layout-flow\">\n<figure class=\"wp-block-image size-large\"><img loading=\"lazy\" decoding=\"async\" width=\"669\" height=\"668\" src=\"http:\/\/test.herbert-bauer.de\/wp-content\/uploads\/2021\/03\/img20210308_11184132_2-min.png\" alt=\"\" class=\"wp-image-560\" srcset=\"https:\/\/herbert-bauer.de\/wp-content\/uploads\/2021\/03\/img20210308_11184132_2-min.png 669w, https:\/\/herbert-bauer.de\/wp-content\/uploads\/2021\/03\/img20210308_11184132_2-min-300x300.png 300w, https:\/\/herbert-bauer.de\/wp-content\/uploads\/2021\/03\/img20210308_11184132_2-min-150x150.png 150w\" sizes=\"auto, (max-width: 669px) 100vw, 669px\" \/><figcaption class=\"wp-element-caption\"><em>Herbert Bauer beim Zeichnen auf Sardinien,1975<\/em><\/figcaption><\/figure>\n<\/div>\n\n\n\n<div class=\"wp-block-column is-layout-flow wp-block-column-is-layout-flow\" style=\"flex-basis:20px\"><\/div>\n\n\n\n<div class=\"wp-block-column is-layout-flow wp-block-column-is-layout-flow\">\n<figure class=\"wp-block-image size-large\"><img loading=\"lazy\" decoding=\"async\" width=\"1024\" height=\"985\" src=\"http:\/\/test.herbert-bauer.de\/wp-content\/uploads\/2021\/03\/img20210308_13570805_2-min-1024x985.png\" alt=\"\" class=\"wp-image-567\" srcset=\"https:\/\/herbert-bauer.de\/wp-content\/uploads\/2021\/03\/img20210308_13570805_2-min-1024x985.png 1024w, https:\/\/herbert-bauer.de\/wp-content\/uploads\/2021\/03\/img20210308_13570805_2-min-300x289.png 300w, https:\/\/herbert-bauer.de\/wp-content\/uploads\/2021\/03\/img20210308_13570805_2-min-768x739.png 768w, https:\/\/herbert-bauer.de\/wp-content\/uploads\/2021\/03\/img20210308_13570805_2-min.png 1036w\" sizes=\"auto, (max-width: 1024px) 100vw, 1024px\" \/><figcaption class=\"wp-element-caption\"><em>Foto von Herbert Bauer 1973: Felsformationen auf Sardinien, von vorne: Marcus, Susanne und Regine Bauer<\/em><\/figcaption><\/figure>\n<\/div>\n<\/div>\n\n\n\n<div class=\"wp-block-columns is-layout-flex wp-container-core-columns-is-layout-9d6595d7 wp-block-columns-is-layout-flex\">\n<div class=\"wp-block-column is-layout-flow wp-block-column-is-layout-flow\">\n<p>Die reine Abstraktion wich zunehmend einer neuen Formensprache mit landschaftlichen Elementen, z.B. in dem \u00d6lgem\u00e4lde \u201eSchicksalsverbunden kokettieren die Steine mit dem All\u201c, 1973. Die Stadt Krakau erwarb 1973 Bilder aus der Reihe \u201eBl\u00e4tter der Zeichen\u201c und der Kunstverein Ingolstadt zeigte eine Herbert Bauer- Ausstellung.<\/p>\n\n\n\n<p>Die Jahre <strong>1974-1976<\/strong> waren ebenfalls sehr produktiv. \u00d6lgem\u00e4lde und Farblithographien in Form mehrerer Sardinien-Serien entstanden. Aus den Elementen der sardischen Landschafts- und Gesteinsformationen entwickelte sich eines der wichtigsten Motive im Formenrepertoire von Herbert Bauer: eine frei im Raum schwebende Insel. Mit dem Sujet dieser Fantasie-Insel, die auf den blauen Planeten Erde anspielte, er\u00f6ffnete sich das Hauptthema im Werk von Herbert Bauer. Die Darstellung eines Planeten in Gestalt der stilisierten Insel avancierte als leuchtend farbiger Stern im All in den 1970er Jahren zum \u201eMarkenzeichen\u201c von Herbert Bauer. Auch in den Folgejahren inspirierten Zeichnungen der sardischen Natur viele Werke, die als \u00d6lgem\u00e4lde im Stuttgarter Atelier entstanden. Beispielhaft hierf\u00fcr ist besonders der sogenannte \u201eSardinische Zyklus\u201c, 1976.<\/p>\n\n\n\n<p>Mitte der siebziger Jahre setzte sich Herbert Bauer intensiv mit den schw\u00e4bischen Lyrikern Friedrich H\u00f6lderlin und Eduard M\u00f6rike auseinander. Besonders mit dem 1838 ver\u00f6ffentlichten Gedicht von Eduard M\u00f6rike \u201eGesang Weylas\u201c. In diesem Gedicht &nbsp;beschw\u00f6rt die G\u00f6ttin Wyla verhei\u00dfungsvoll das Sehnsuchtsland \u201eOrplid\u201c (Du bist Orplid, mein Land! Das ferne leuchtet;\u2026). Das Inselland Orplid, das Land, das in ferner Sch\u00f6nheit und Vollkommenheit zeit\u00fcberlegen leuchtet und so im Irdischen das \u00dcberirdische evoziert, inspirierte Herbert Bauer dazu, den poetischen Traum von Orplid in sein malerisches Werk zu \u00fcbersetzen, was er \u00fcber die Bildtitel implizierte, z.B.: \u201eOrplid und der endlose Raum\u201c, 1977, Handlithographie von dreizehn Steinen, 57&#215;44 cm. Auch in den Gem\u00e4lden \u201eIrdisches strebt zu G\u00f6ttlichem\u201c, 1974, \u201eSchadenfroh bel\u00e4cheln Sonne und Mond den Zirkus der Verg\u00e4nglichkeit\u201c, 1975, \u201eInsel der endlosen Tr\u00e4ume\u201c, 1975, \u201eJenseits am Ort des Gl\u00fccks unz\u00e4hlig bl\u00fchen die Rosen\u201c, 1977 beschwor der Maler die Sehnsucht nach M\u00f6rikes Orplid, dem fernen Inselland von g\u00f6ttlicher Sch\u00f6nheit, einer nie erreichbaren heilen Traum- und Fantasiewelt.<\/p>\n\n\n\n<p>Herbert Bauer benannte fortan seine Gem\u00e4lde mit lyrischen Bildtiteln und begann sein \u201eOrplid\u201c-Spiel im Dialog zwischen Imaginationsr\u00e4umen in farbgewaltigen Gem\u00e4lden und den Assoziationen, die durch diese Titel hervorgerufen werden sollten. Die drei gro\u00dfen Themen: die sardische Gesteinswelt, das Inselland \u201eOrplid\u201c und der Kosmos mit seinen Planeten und Sternen im All, \u00fcberschnitten sich in den 1970er Jahren zu einem gro\u00dfen Gesamtthema, das Herbert Bauer fortan in seinen \u00d6lgem\u00e4lden in klaren Farben leuchten lie\u00df, z.B.: \u201eZwei eitle Sterne betrachten neugierig die Welt aus h\u00f6herer Warte\u201c 1974, \u201eDer dritte von neun Planeten\u201c, 1975, \u201eRot erschreckt die Sonne das narzi\u00dfhafte Treiben\u201c, 1976.<\/p>\n\n\n\n<p>Er entwickelte eine Vorliebe f\u00fcr die Farbe Gelb, die er in gro\u00dfformatigen Hard Edge Kompositionen, wie dem \u201eTriptychon Sonne\u201c, 1978 in allen Facetten und bis zur Unertr\u00e4glichkeit leuchten lie\u00df und hauchte so seinem Werk den Zeitgeist der 1970er Jahre ein.<\/p>\n\n\n\n<p><strong>1976<\/strong> arrangierte der kranke Fritz Winter pers\u00f6nlich eine Herbert-Bauer-Ausstellung in dem von seiner Nichte, Helga Gausling geleiteten Fritz-Winter-Haus in Ahlen, Westfalen. Als er bald darauf starb, widmete ihm Herbert Bauer, durch den Verlust seines Freundes und Lehrers getroffen, das gro\u00dfformatige \u00d6lgem\u00e4lde \u201eDas Licht der Seligkeit &#8211; Zum Gedenken an Fritz Winter\u201c, 1977.<\/p>\n\n\n\n<p><strong>1977 <\/strong>lernte er bei einem Besuch in Antibes den deutsch-franz\u00f6sischen Maler <strong>Hans Hartung<\/strong>, einen der wichtigsten Vertreter des Informel, sowie die norwegische Malerin <strong>Anna-Eva Bergmann<\/strong> kennen.<\/p>\n<\/div>\n<\/div>\n\n\n\n<div class=\"wp-block-columns is-layout-flex wp-container-core-columns-is-layout-9d6595d7 wp-block-columns-is-layout-flex\">\n<div class=\"wp-block-column is-layout-flow wp-block-column-is-layout-flow\">\n<figure class=\"wp-block-image size-large is-resized\"><img loading=\"lazy\" decoding=\"async\" width=\"1024\" height=\"1024\" src=\"http:\/\/test.herbert-bauer.de\/wp-content\/uploads\/2021\/03\/img20210306_11270780-min-1024x1024.png\" alt=\"\" class=\"wp-image-544\" style=\"width:363px;height:363px\" srcset=\"https:\/\/herbert-bauer.de\/wp-content\/uploads\/2021\/03\/img20210306_11270780-min-1024x1024.png 1024w, https:\/\/herbert-bauer.de\/wp-content\/uploads\/2021\/03\/img20210306_11270780-min-300x300.png 300w, https:\/\/herbert-bauer.de\/wp-content\/uploads\/2021\/03\/img20210306_11270780-min-150x150.png 150w, https:\/\/herbert-bauer.de\/wp-content\/uploads\/2021\/03\/img20210306_11270780-min-768x768.png 768w, https:\/\/herbert-bauer.de\/wp-content\/uploads\/2021\/03\/img20210306_11270780-min-1536x1536.png 1536w, https:\/\/herbert-bauer.de\/wp-content\/uploads\/2021\/03\/img20210306_11270780-min.png 1989w\" sizes=\"auto, (max-width: 1024px) 100vw, 1024px\" \/><figcaption class=\"wp-element-caption\"><em>Herbert Bauer und Hans Hartung in Hartungs Atelier in Antibes, 1978<\/em><\/figcaption><\/figure>\n<\/div>\n\n\n\n<div class=\"wp-block-column is-layout-flow wp-block-column-is-layout-flow\">\n<figure class=\"wp-block-image size-large is-resized\"><img loading=\"lazy\" decoding=\"async\" width=\"1024\" height=\"689\" src=\"http:\/\/test.herbert-bauer.de\/wp-content\/uploads\/2021\/03\/img20210306_11324214-min-1024x689.png\" alt=\"\" class=\"wp-image-547\" style=\"width:672px;height:452px\" srcset=\"https:\/\/herbert-bauer.de\/wp-content\/uploads\/2021\/03\/img20210306_11324214-min-1024x689.png 1024w, https:\/\/herbert-bauer.de\/wp-content\/uploads\/2021\/03\/img20210306_11324214-min-300x202.png 300w, https:\/\/herbert-bauer.de\/wp-content\/uploads\/2021\/03\/img20210306_11324214-min-768x517.png 768w, https:\/\/herbert-bauer.de\/wp-content\/uploads\/2021\/03\/img20210306_11324214-min-1536x1033.png 1536w, https:\/\/herbert-bauer.de\/wp-content\/uploads\/2021\/03\/img20210306_11324214-min-2048x1378.png 2048w\" sizes=\"auto, (max-width: 1024px) 100vw, 1024px\" \/><figcaption class=\"wp-element-caption\"><em>Herbert Bauer und Hans Hartung, Antibes 1983<\/em><\/figcaption><\/figure>\n<\/div>\n<\/div>\n\n\n\n<div class=\"wp-block-columns is-layout-flex wp-container-core-columns-is-layout-9d6595d7 wp-block-columns-is-layout-flex\">\n<div class=\"wp-block-column is-layout-flow wp-block-column-is-layout-flow\">\n<p>Verschiedene Ausstellungen u.a. bei <strong>Knoll International<\/strong> in M\u00fcnchen, fanden in &nbsp;mehreren Magazinen Beachtung:<\/p>\n\n\n\n<p>1\/9\/1977 Herbert Bauer in der Zeitschrift von Knoll International, S. 36<\/p>\n\n\n\n<p>April 2\/77 Herbert Bauer in der Zeitschrift Architektur + Wohnwelt, S. 130<\/p>\n\n\n\n<p>Im November 1977 wurden in Heft 11 der Zeitschrift \u201eDer Erfolg\u201c im Artikel \u201eKunst im B\u00fcro\u201c Beispiele f\u00fcr das Zusammenspiel zwischen modernen Kunstwerken und M\u00f6beln vorgestellt. Als Beispiele f\u00fcr ultramoderne Einrichtungen, die \u201evon Kitsch und von verstaubten Reproduktionen befreit\u201c sind, kombinierte man Werke von Anton Stankowski, Herbert Bauer, Victor Vasarely, Fontana und Uecker mit spektakul\u00e4rem zeitgen\u00f6ssischem M\u00f6beldesign wie z.B. dem von Warren Platner und auch mit Bauhaus Klassiker M\u00f6beln.<\/p>\n<\/div>\n<\/div>\n\n\n\n<div class=\"wp-block-columns is-layout-flex wp-container-core-columns-is-layout-9d6595d7 wp-block-columns-is-layout-flex\">\n<div class=\"wp-block-column is-layout-flow wp-block-column-is-layout-flow\">\n<figure class=\"wp-block-image size-large is-resized\"><img loading=\"lazy\" decoding=\"async\" width=\"724\" height=\"1024\" src=\"http:\/\/test.herbert-bauer.de\/wp-content\/uploads\/2021\/03\/img20210308_15473760-min-724x1024.png\" alt=\"\" class=\"wp-image-526\" style=\"width:180px;height:255px\" srcset=\"https:\/\/herbert-bauer.de\/wp-content\/uploads\/2021\/03\/img20210308_15473760-min-724x1024.png 724w, https:\/\/herbert-bauer.de\/wp-content\/uploads\/2021\/03\/img20210308_15473760-min-212x300.png 212w, https:\/\/herbert-bauer.de\/wp-content\/uploads\/2021\/03\/img20210308_15473760-min-768x1087.png 768w, https:\/\/herbert-bauer.de\/wp-content\/uploads\/2021\/03\/img20210308_15473760-min-1086x1536.png 1086w, https:\/\/herbert-bauer.de\/wp-content\/uploads\/2021\/03\/img20210308_15473760-min-1448x2048.png 1448w\" sizes=\"auto, (max-width: 724px) 100vw, 724px\" \/><figcaption class=\"wp-element-caption\"><em>Wohnbeispiel von Knoll International: Warren Platner Wire Designm\u00f6bel mit Gem\u00e4lden von Herbert Bauer und einem Teppich, entworfen  von Sigrid Wylach<\/em><\/figcaption><\/figure>\n<\/div>\n\n\n\n<div class=\"wp-block-column is-layout-flow wp-block-column-is-layout-flow\">\n<figure class=\"wp-block-image size-large is-resized\"><img loading=\"lazy\" decoding=\"async\" width=\"690\" height=\"692\" src=\"http:\/\/test.herbert-bauer.de\/wp-content\/uploads\/2021\/03\/img20210308_15165279-min-1.png\" alt=\"\" class=\"wp-image-555\" style=\"width:250px;height:250px\" srcset=\"https:\/\/herbert-bauer.de\/wp-content\/uploads\/2021\/03\/img20210308_15165279-min-1.png 690w, https:\/\/herbert-bauer.de\/wp-content\/uploads\/2021\/03\/img20210308_15165279-min-1-300x300.png 300w, https:\/\/herbert-bauer.de\/wp-content\/uploads\/2021\/03\/img20210308_15165279-min-1-150x150.png 150w\" sizes=\"auto, (max-width: 690px) 100vw, 690px\" \/><figcaption class=\"wp-element-caption\"><em>Wohnbeispiel von Knoll International: Mies van der Rohe Barcelona Designm\u00f6bel und Gem\u00e4lde von Herbert Bauer<\/em><\/figcaption><\/figure>\n<\/div>\n\n\n\n<div class=\"wp-block-column is-layout-flow wp-block-column-is-layout-flow\">\n<figure class=\"wp-block-image size-full is-resized\"><img loading=\"lazy\" decoding=\"async\" width=\"960\" height=\"720\" src=\"http:\/\/test.herbert-bauer.de\/wp-content\/uploads\/2021\/08\/Praesentation1.jpg\" alt=\"\" class=\"wp-image-895\" style=\"width:334px;height:250px\" srcset=\"https:\/\/herbert-bauer.de\/wp-content\/uploads\/2021\/08\/Praesentation1.jpg 960w, https:\/\/herbert-bauer.de\/wp-content\/uploads\/2021\/08\/Praesentation1-768x576.jpg 768w\" sizes=\"auto, (max-width: 960px) 100vw, 960px\" \/><figcaption class=\"wp-element-caption\"><em>Wohnbeispiel mit Saarinen Tulip Design-Esstischgruppe und Wohnzimmerm\u00f6beln von Knoll International, mit Gem\u00e4lden von Herbert Bauer<\/em><\/figcaption><\/figure>\n<\/div>\n<\/div>\n\n\n\n<div class=\"wp-block-columns is-layout-flex wp-container-core-columns-is-layout-9d6595d7 wp-block-columns-is-layout-flex\">\n<div class=\"wp-block-column is-layout-flow wp-block-column-is-layout-flow\">\n<p><strong>1979<\/strong> schuf Herbert Bauer auf Anfrage der manus presse zwei Farblithographie-Auflagen, die in den Katalog Graphik International GMBH vom 1.3.1979 aufgenommen wurden. <\/p>\n<\/div>\n<\/div>\n\n\n\n<div class=\"wp-block-columns is-layout-flex wp-container-core-columns-is-layout-9d6595d7 wp-block-columns-is-layout-flex\">\n<div class=\"wp-block-column is-layout-flow wp-block-column-is-layout-flow\">\n<figure class=\"wp-block-image size-large is-resized\"><img loading=\"lazy\" decoding=\"async\" width=\"645\" height=\"1024\" src=\"http:\/\/test.herbert-bauer.de\/wp-content\/uploads\/2021\/03\/img20210308_15055760-min-1-645x1024.png\" alt=\"\" class=\"wp-image-553\" style=\"width:477px;height:757px\" srcset=\"https:\/\/herbert-bauer.de\/wp-content\/uploads\/2021\/03\/img20210308_15055760-min-1-645x1024.png 645w, https:\/\/herbert-bauer.de\/wp-content\/uploads\/2021\/03\/img20210308_15055760-min-1-189x300.png 189w, https:\/\/herbert-bauer.de\/wp-content\/uploads\/2021\/03\/img20210308_15055760-min-1-768x1219.png 768w, https:\/\/herbert-bauer.de\/wp-content\/uploads\/2021\/03\/img20210308_15055760-min-1-967x1536.png 967w, https:\/\/herbert-bauer.de\/wp-content\/uploads\/2021\/03\/img20210308_15055760-min-1-1290x2048.png 1290w\" sizes=\"auto, (max-width: 645px) 100vw, 645px\" \/><\/figure>\n<\/div>\n\n\n\n<div class=\"wp-block-column is-layout-flow wp-block-column-is-layout-flow\">\n<figure class=\"wp-block-image size-large is-resized\"><img loading=\"lazy\" decoding=\"async\" width=\"724\" height=\"1024\" src=\"http:\/\/test.herbert-bauer.de\/wp-content\/uploads\/2021\/03\/img20210308_15065628-min-1-724x1024.png\" alt=\"\" class=\"wp-image-554\" style=\"width:948px;height:1343px\" srcset=\"https:\/\/herbert-bauer.de\/wp-content\/uploads\/2021\/03\/img20210308_15065628-min-1-724x1024.png 724w, https:\/\/herbert-bauer.de\/wp-content\/uploads\/2021\/03\/img20210308_15065628-min-1-212x300.png 212w, https:\/\/herbert-bauer.de\/wp-content\/uploads\/2021\/03\/img20210308_15065628-min-1-768x1087.png 768w, https:\/\/herbert-bauer.de\/wp-content\/uploads\/2021\/03\/img20210308_15065628-min-1-1086x1536.png 1086w, https:\/\/herbert-bauer.de\/wp-content\/uploads\/2021\/03\/img20210308_15065628-min-1-1448x2048.png 1448w\" sizes=\"auto, (max-width: 724px) 100vw, 724px\" \/><\/figure>\n<\/div>\n<\/div>\n\n\n\n<div style=\"height:49px\" aria-hidden=\"true\" class=\"wp-block-spacer\"><\/div>\n\n\n\n<div class=\"wp-block-columns is-layout-flex wp-container-core-columns-is-layout-9d6595d7 wp-block-columns-is-layout-flex\">\n<div class=\"wp-block-column is-layout-flow wp-block-column-is-layout-flow\">\n<p><strong>1981<\/strong> erschien die erste Werkmonographie und die St\u00e4dtische Galerie Paderborn zeigte eine gro\u00dfe Retrospektive mit Gem\u00e4lden, Graphik und Tapisserien. <strong>1979-1983<\/strong> &nbsp;malte Herbert Bauer auch in seinem neu ausgebauten Atelier im elterlichen Haus in Stuttgart, wo sich auch schon seine Lithographie-Werkstatt befand. Dort entstand ein Zyklus von teils gro\u00dfformatigen, abstrakten wei\u00dfen \u00d6lgem\u00e4lden (wie z.B.: \u201eStummes Grau\u201c, 1981 oder \u201cHimmelsk\u00f6rper und okkulte Ph\u00e4nomene\u201c 1981). Geometrische Formgef\u00fcge wurden durch dynamische und konzentrische Linien und wei\u00dfe Farbnebel, die teils durch Acrylspray erzeugt wurden, verschleiert oder aufgel\u00f6st. Die Bildtitel dieser Gem\u00e4lde: \u201eZerst\u00f6rung einer urzeitlichen Zentralgewalt\u201c, 1981,&nbsp; \u201eKassandrische Hellsichtigkeit verunheimlicht das Weiss \u00fcber d\u00fcsterer Landschaft\u201c, 1981 oder \u201eInterstellare Materie\u201c, 1982 verweisen wiederum auf kosmische Bez\u00fcge. Interpretiert wurde nun nicht mehr das Traumland \u201eOrplid\u201c oder die Sch\u00f6nheit des idealen Planeten sondern gewaltige, interstellare Kr\u00e4fte und zerst\u00f6rerische Energien.<\/p>\n\n\n\n<div style=\"height:64px\" aria-hidden=\"true\" class=\"wp-block-spacer\"><\/div>\n\n\n\n<div class=\"wp-block-columns is-layout-flex wp-container-core-columns-is-layout-9d6595d7 wp-block-columns-is-layout-flex\">\n<div class=\"wp-block-column is-layout-flow wp-block-column-is-layout-flow\" style=\"flex-basis:66.66%\">\n<figure class=\"wp-block-image size-large\"><img loading=\"lazy\" decoding=\"async\" width=\"1024\" height=\"657\" src=\"http:\/\/test.herbert-bauer.de\/wp-content\/uploads\/2021\/03\/img20210308_14142881-min-1024x657.png\" alt=\"\" class=\"wp-image-522\" srcset=\"https:\/\/herbert-bauer.de\/wp-content\/uploads\/2021\/03\/img20210308_14142881-min-1024x657.png 1024w, https:\/\/herbert-bauer.de\/wp-content\/uploads\/2021\/03\/img20210308_14142881-min-300x193.png 300w, https:\/\/herbert-bauer.de\/wp-content\/uploads\/2021\/03\/img20210308_14142881-min-768x493.png 768w, https:\/\/herbert-bauer.de\/wp-content\/uploads\/2021\/03\/img20210308_14142881-min-1536x986.png 1536w, https:\/\/herbert-bauer.de\/wp-content\/uploads\/2021\/03\/img20210308_14142881-min.png 1616w\" sizes=\"auto, (max-width: 1024px) 100vw, 1024px\" \/><figcaption class=\"wp-element-caption\"><em>Herbert Bauer 1979, in seinem Atelier in Stuttgart-Feuerbach<\/em><\/figcaption><\/figure>\n<\/div>\n\n\n\n<div class=\"wp-block-column is-layout-flow wp-block-column-is-layout-flow\" style=\"flex-basis:20px\"><\/div>\n\n\n\n<div class=\"wp-block-column is-layout-flow wp-block-column-is-layout-flow\" style=\"flex-basis:33.33%\">\n<div class=\"wp-block-columns is-layout-flex wp-container-core-columns-is-layout-9d6595d7 wp-block-columns-is-layout-flex\">\n<div class=\"wp-block-column is-layout-flow wp-block-column-is-layout-flow\">\n<figure class=\"wp-block-image size-large\"><img loading=\"lazy\" decoding=\"async\" width=\"867\" height=\"1024\" src=\"http:\/\/test.herbert-bauer.de\/wp-content\/uploads\/2021\/03\/img20210307_15460800-min-867x1024.png\" alt=\"\" class=\"wp-image-556\" srcset=\"https:\/\/herbert-bauer.de\/wp-content\/uploads\/2021\/03\/img20210307_15460800-min-867x1024.png 867w, https:\/\/herbert-bauer.de\/wp-content\/uploads\/2021\/03\/img20210307_15460800-min-254x300.png 254w, https:\/\/herbert-bauer.de\/wp-content\/uploads\/2021\/03\/img20210307_15460800-min-768x908.png 768w, https:\/\/herbert-bauer.de\/wp-content\/uploads\/2021\/03\/img20210307_15460800-min.png 1101w\" sizes=\"auto, (max-width: 867px) 100vw, 867px\" \/><figcaption class=\"wp-element-caption\"><em>Herbert Bauer mit seinem Vater in der Lithographiewerkstatt in Feuerbach, 1968<\/em><\/figcaption><\/figure>\n<\/div>\n<\/div>\n<\/div>\n<\/div>\n\n\n\n<p>Ab<strong> 1982<\/strong> erkrankte Herbert Bauer immer wieder schwer und verbrachte viele Wochen in Krankenh\u00e4usern. Auch diese Zeit nutzte er, wann immer m\u00f6glich, zum Zeichnen. 1982 entstanden im Atelier zudem 21 \u00d6lgem\u00e4lde.<\/p>\n<\/div>\n<\/div>\n\n\n\n<div class=\"wp-block-columns is-layout-flex wp-container-core-columns-is-layout-9d6595d7 wp-block-columns-is-layout-flex\">\n<div class=\"wp-block-column is-layout-flow wp-block-column-is-layout-flow\">\n<figure class=\"wp-block-image size-large\"><img loading=\"lazy\" decoding=\"async\" width=\"1024\" height=\"698\" src=\"http:\/\/test.herbert-bauer.de\/wp-content\/uploads\/2021\/03\/img20210308_11215210_2-min-1024x698.png\" alt=\"\" class=\"wp-image-565\" srcset=\"https:\/\/herbert-bauer.de\/wp-content\/uploads\/2021\/03\/img20210308_11215210_2-min-1024x698.png 1024w, https:\/\/herbert-bauer.de\/wp-content\/uploads\/2021\/03\/img20210308_11215210_2-min-300x204.png 300w, https:\/\/herbert-bauer.de\/wp-content\/uploads\/2021\/03\/img20210308_11215210_2-min-768x523.png 768w, https:\/\/herbert-bauer.de\/wp-content\/uploads\/2021\/03\/img20210308_11215210_2-min-1536x1046.png 1536w, https:\/\/herbert-bauer.de\/wp-content\/uploads\/2021\/03\/img20210308_11215210_2-min-2048x1395.png 2048w\" sizes=\"auto, (max-width: 1024px) 100vw, 1024px\" \/><figcaption class=\"wp-element-caption\"><em>Im Atelier von Anna-Eva Bergmann in Antibes, 1982, von links: Herbert und Susanne Bauer, Anna-Eva Bergmann, Hans Hartung, Helga Gausling<\/em><\/figcaption><\/figure>\n<\/div>\n\n\n\n<div class=\"wp-block-column is-layout-flow wp-block-column-is-layout-flow\" style=\"flex-basis:20px\"><\/div>\n\n\n\n<div class=\"wp-block-column is-layout-flow wp-block-column-is-layout-flow\">\n<div style=\"height:129px\" aria-hidden=\"true\" class=\"wp-block-spacer\"><\/div>\n\n\n\n<p><strong>1983<\/strong> kommt es zu einem letzten Besuch bei Hans Hartung und Anna-Eva Bergmann auf Ihrem Anwesen in Antibes an der C\u00f4te d\u2019Azur.&nbsp; <\/p>\n<\/div>\n<\/div>\n\n\n\n<div class=\"wp-block-columns is-layout-flex wp-container-core-columns-is-layout-9d6595d7 wp-block-columns-is-layout-flex\">\n<div class=\"wp-block-column is-layout-flow wp-block-column-is-layout-flow\">\n<p>1983 und <strong>1984<\/strong> entstanden aufs Neue viele Farbzeichnungen und mehrere Zyklen farbiger Landschaftsgeometrie in \u00d6l auf Leinwand. Auch die Jahre <strong>1985\/1986<\/strong> waren sehr produktive Zeichnungsjahre. Au\u00dferdem entstanden noch 23 letzte \u00d6lgem\u00e4lde, davon zwei im Jahr 1986.<\/p>\n<\/div>\n<\/div>\n\n\n\n<div class=\"wp-block-columns is-layout-flex wp-container-core-columns-is-layout-9d6595d7 wp-block-columns-is-layout-flex\">\n<div class=\"wp-block-column is-layout-flow wp-block-column-is-layout-flow\">\n<figure class=\"wp-block-image size-large is-resized\"><img loading=\"lazy\" decoding=\"async\" width=\"1024\" height=\"686\" src=\"http:\/\/test.herbert-bauer.de\/wp-content\/uploads\/2021\/03\/Herbert-Bauer-Atelier-02-1024x686.jpg\" alt=\"\" class=\"wp-image-507\" style=\"width:661px;height:442px\" srcset=\"https:\/\/herbert-bauer.de\/wp-content\/uploads\/2021\/03\/Herbert-Bauer-Atelier-02-1024x686.jpg 1024w, https:\/\/herbert-bauer.de\/wp-content\/uploads\/2021\/03\/Herbert-Bauer-Atelier-02-300x201.jpg 300w, https:\/\/herbert-bauer.de\/wp-content\/uploads\/2021\/03\/Herbert-Bauer-Atelier-02-768x514.jpg 768w, https:\/\/herbert-bauer.de\/wp-content\/uploads\/2021\/03\/Herbert-Bauer-Atelier-02-1536x1029.jpg 1536w, https:\/\/herbert-bauer.de\/wp-content\/uploads\/2021\/03\/Herbert-Bauer-Atelier-02-2048x1371.jpg 2048w\" sizes=\"auto, (max-width: 1024px) 100vw, 1024px\" \/><figcaption class=\"wp-element-caption\"><em>Herbert Bauer 1984, im Sillenbucher Atelier<\/em><\/figcaption><\/figure>\n<\/div>\n\n\n\n<div class=\"wp-block-column is-layout-flow wp-block-column-is-layout-flow\" style=\"flex-basis:20px\"><\/div>\n\n\n\n<div class=\"wp-block-column is-layout-flow wp-block-column-is-layout-flow\">\n<figure class=\"wp-block-image size-large is-resized\"><img loading=\"lazy\" decoding=\"async\" width=\"698\" height=\"1024\" src=\"http:\/\/test.herbert-bauer.de\/wp-content\/uploads\/2021\/03\/Herbert-Bauer-Atelier-23-698x1024.jpg\" alt=\"\" class=\"wp-image-488\" style=\"width:276px;height:405px\" srcset=\"https:\/\/herbert-bauer.de\/wp-content\/uploads\/2021\/03\/Herbert-Bauer-Atelier-23-698x1024.jpg 698w, https:\/\/herbert-bauer.de\/wp-content\/uploads\/2021\/03\/Herbert-Bauer-Atelier-23-205x300.jpg 205w, https:\/\/herbert-bauer.de\/wp-content\/uploads\/2021\/03\/Herbert-Bauer-Atelier-23-768x1126.jpg 768w, https:\/\/herbert-bauer.de\/wp-content\/uploads\/2021\/03\/Herbert-Bauer-Atelier-23-1047x1536.jpg 1047w, https:\/\/herbert-bauer.de\/wp-content\/uploads\/2021\/03\/Herbert-Bauer-Atelier-23-1397x2048.jpg 1397w, https:\/\/herbert-bauer.de\/wp-content\/uploads\/2021\/03\/Herbert-Bauer-Atelier-23-scaled.jpg 1746w\" sizes=\"auto, (max-width: 698px) 100vw, 698px\" \/><\/figure>\n<\/div>\n<\/div>\n\n\n\n<div class=\"wp-block-columns is-layout-flex wp-container-core-columns-is-layout-9d6595d7 wp-block-columns-is-layout-flex\">\n<div class=\"wp-block-column is-layout-flow wp-block-column-is-layout-flow\">\n<p>Herbert Bauer verstarb mit 50 Jahren am <strong>20.03.1986 <\/strong>in Stuttgart.<\/p>\n\n\n\n<div style=\"height:31px\" aria-hidden=\"true\" class=\"wp-block-spacer\"><\/div>\n\n\n\n<p><em>\u201eAlles, was uns bewegt, was wir als wichtig und bedeutend empfinden, die Sch\u00f6nheit und das H\u00e4\u00dfliche der Welt, z\u00e4hlen im Ganzen nur wenig, auch wenn wir dies nur ungern wahrhaben wollen. Gleichzeitig wird uns das Irdische kostbar wie ein Juwel entgegengehalten.\u201c<\/em> <sub>Aufzeichnung von Herbert Bauer aus den 1970er Jahren<\/sub><\/p>\n<\/div>\n<\/div>\n\n\n\n<p>Hier\u00fcber res\u00fcmiert Prof. Rago Torre-Ebeling, 1981: <em>\u201eBauer ergreift es und in seinen Bildern wird es sichtbar.\u201c<\/em><\/p>","protected":false},"excerpt":{"rendered":"<p>Herbert Bauer wurde am 16. Mai 1935 in den USA in New York geboren. Er ist das erste von zwei Kindern. Die Eltern, der Feinmechaniker Franz Bauer und seine Frau Maria waren zun\u00e4chst in die USA nach New York ausgewandert. Auf Dr\u00e4ngen seiner inzwischen verwitweten Mutter Verena schiffte der Sozialdemokrat Franz Bauer trotz des voranschreitenden [&#8230;]<\/p>\n<p><a class=\"btn btn-secondary understrap-read-more-link\" href=\"https:\/\/herbert-bauer.de\/en\/biografie\/\">Read More&#8230;<\/a><\/p>\n","protected":false},"author":1,"featured_media":0,"parent":0,"menu_order":0,"comment_status":"closed","ping_status":"closed","template":"","meta":{"om_disable_all_campaigns":false,"_monsterinsights_skip_tracking":false,"_monsterinsights_sitenote_active":false,"_monsterinsights_sitenote_note":"","_monsterinsights_sitenote_category":0,"footnotes":""},"class_list":["post-88","page","type-page","status-publish","hentry"],"aioseo_notices":[],"_links":{"self":[{"href":"https:\/\/herbert-bauer.de\/en\/wp-json\/wp\/v2\/pages\/88","targetHints":{"allow":["GET"]}}],"collection":[{"href":"https:\/\/herbert-bauer.de\/en\/wp-json\/wp\/v2\/pages"}],"about":[{"href":"https:\/\/herbert-bauer.de\/en\/wp-json\/wp\/v2\/types\/page"}],"author":[{"embeddable":true,"href":"https:\/\/herbert-bauer.de\/en\/wp-json\/wp\/v2\/users\/1"}],"replies":[{"embeddable":true,"href":"https:\/\/herbert-bauer.de\/en\/wp-json\/wp\/v2\/comments?post=88"}],"version-history":[{"count":126,"href":"https:\/\/herbert-bauer.de\/en\/wp-json\/wp\/v2\/pages\/88\/revisions"}],"predecessor-version":[{"id":4008,"href":"https:\/\/herbert-bauer.de\/en\/wp-json\/wp\/v2\/pages\/88\/revisions\/4008"}],"wp:attachment":[{"href":"https:\/\/herbert-bauer.de\/en\/wp-json\/wp\/v2\/media?parent=88"}],"curies":[{"name":"wp","href":"https:\/\/api.w.org\/{rel}","templated":true}]}}